{"id":18326,"date":"2019-01-11T10:47:44","date_gmt":"2019-01-11T09:47:44","guid":{"rendered":"http:\/\/criteriabcn.com\/portafoli\/centro-de-dia-en-viladecans\/"},"modified":"2019-03-26T09:12:33","modified_gmt":"2019-03-26T08:12:33","slug":"centeo-de-dia-a-viladecans","status":"publish","type":"avada_portfolio","link":"https:\/\/criteriabcn.com\/es\/portafoli\/centeo-de-dia-a-viladecans\/","title":{"rendered":"Centro de d\u00eda en Viladecans"},"content":{"rendered":"<p><div class=\"fusion-fullwidth fullwidth-box fusion-builder-row-1 fusion-flex-container nonhundred-percent-fullwidth non-hundred-percent-height-scrolling\" style=\"--awb-border-radius-top-left:0px;--awb-border-radius-top-right:0px;--awb-border-radius-bottom-right:0px;--awb-border-radius-bottom-left:0px;--awb-flex-wrap:wrap;\" ><div class=\"fusion-builder-row fusion-row fusion-flex-align-items-flex-start fusion-flex-content-wrap\" style=\"max-width:calc( 1100px + 0px );margin-left: calc(-0px \/ 2 );margin-right: calc(-0px \/ 2 );\"><div class=\"fusion-layout-column fusion_builder_column fusion-builder-column-0 fusion_builder_column_1_1 1_1 fusion-flex-column\" style=\"--awb-bg-size:cover;--awb-width-large:100%;--awb-margin-top-large:0px;--awb-spacing-right-large:0px;--awb-margin-bottom-large:20px;--awb-spacing-left-large:0px;--awb-width-medium:100%;--awb-spacing-right-medium:0px;--awb-spacing-left-medium:0px;--awb-width-small:100%;--awb-spacing-right-small:0px;--awb-spacing-left-small:0px;\"><div class=\"fusion-column-wrapper fusion-flex-justify-content-flex-start fusion-content-layout-column\"><h3 class=\"projecte_title\">Centro de d\u00eda en Viladecans<\/h3><\/div><\/div><\/div><\/div><div class=\"fusion-fullwidth fullwidth-box fusion-builder-row-2 fusion-flex-container nonhundred-percent-fullwidth non-hundred-percent-height-scrolling\" style=\"--awb-border-radius-top-left:0px;--awb-border-radius-top-right:0px;--awb-border-radius-bottom-right:0px;--awb-border-radius-bottom-left:0px;--awb-flex-wrap:wrap;\" ><div class=\"fusion-builder-row fusion-row fusion-flex-align-items-flex-start fusion-flex-content-wrap\" style=\"max-width:1144px;margin-left: calc(-4% \/ 2 );margin-right: calc(-4% \/ 2 );\"><div class=\"fusion-layout-column fusion_builder_column fusion-builder-column-1 fusion_builder_column_2_3 2_3 fusion-flex-column\" style=\"--awb-bg-size:cover;--awb-width-large:66.666666666667%;--awb-margin-top-large:0px;--awb-spacing-right-large:3.84%;--awb-margin-bottom-large:20px;--awb-spacing-left-large:2.88%;--awb-width-medium:66.666666666667%;--awb-spacing-right-medium:3.84%;--awb-spacing-left-medium:2.88%;--awb-width-small:100%;--awb-spacing-right-small:1.92%;--awb-spacing-left-small:1.92%;\"><div class=\"fusion-column-wrapper fusion-flex-justify-content-flex-start fusion-content-layout-column\"><div class=\"fusion-image-element \" style=\"--awb-caption-title-font-family:var(--h2_typography-font-family);--awb-caption-title-font-weight:var(--h2_typography-font-weight);--awb-caption-title-font-style:var(--h2_typography-font-style);--awb-caption-title-size:var(--h2_typography-font-size);--awb-caption-title-transform:var(--h2_typography-text-transform);--awb-caption-title-line-height:var(--h2_typography-line-height);--awb-caption-title-letter-spacing:var(--h2_typography-letter-spacing);\"><span class=\" fusion-imageframe imageframe-none imageframe-1 hover-type-none\"><img decoding=\"async\" width=\"700\" height=\"384\" title=\"004-centro-dia-viladecans_G\" src=\"http:\/\/criteriabcn.com\/wp-content\/uploads\/2019\/01\/004-centro-dia-viladecans_G.jpg\" alt class=\"img-responsive wp-image-18010\" srcset=\"https:\/\/criteriabcn.com\/wp-content\/uploads\/2019\/01\/004-centro-dia-viladecans_G-200x110.jpg 200w, https:\/\/criteriabcn.com\/wp-content\/uploads\/2019\/01\/004-centro-dia-viladecans_G-400x219.jpg 400w, https:\/\/criteriabcn.com\/wp-content\/uploads\/2019\/01\/004-centro-dia-viladecans_G-600x329.jpg 600w, https:\/\/criteriabcn.com\/wp-content\/uploads\/2019\/01\/004-centro-dia-viladecans_G.jpg 700w\" sizes=\"(max-width: 640px) 100vw, 700px\" \/><\/span><\/div><\/div><\/div><div class=\"fusion-layout-column fusion_builder_column fusion-builder-column-2 fusion_builder_column_1_3 1_3 fusion-flex-column\" style=\"--awb-bg-size:cover;--awb-width-large:33.333333333333%;--awb-margin-top-large:0px;--awb-spacing-right-large:5.76%;--awb-margin-bottom-large:20px;--awb-spacing-left-large:3.8399999999999%;--awb-width-medium:33.333333333333%;--awb-spacing-right-medium:5.76%;--awb-spacing-left-medium:3.8399999999999%;--awb-width-small:100%;--awb-spacing-right-small:1.92%;--awb-spacing-left-small:1.92%;\"><div class=\"fusion-column-wrapper fusion-flex-justify-content-flex-start fusion-content-layout-column\"><div class=\"project_title\">Breve descripci\u00f3n<\/div>\n<p>El edificio se coloca paralelo a la calle de acceso para acompa\u00f1ar y acentuar la linealidad y con una buena orientaci\u00f3n al sur para disfrutar del sol y de una zona ajardinada. El centro de d\u00eda se despliega en un volumen de una sola altura que se va expandiendo en planta desde el centro hacia diferentes direcciones. Su programa consta de tres partes claramente diferenciadas: una sala multiusos como zona de actividades conjuntas y m\u00faltiples; un aula para las actividades de sobremesa m\u00e1s reposadas como lo es la lectura, y una zona de oficinas y despachos.\n<\/p>\n<div class=\"project_title\">Categor\u00eda<\/div>\n<p>Obra p\u00fablica<\/p>\n<div class=\"project_title\">Poblaci\u00f3n<\/div>\n<p>Viladecans, Barcelona<\/p>\n<div class=\"project_title\">A\u00f1o<\/div>\n<p>1999<\/p>\n\n<div class=\"awb-gallery-wrapper awb-gallery-wrapper-1 button-span-no\"><div style=\"margin:-5px;--awb-bordersize:0px;\" class=\"fusion-gallery fusion-gallery-container fusion-grid-3 fusion-columns-total-4 fusion-gallery-layout-grid fusion-gallery-1 galleria_miniatures\"><div style=\"padding:5px;\" class=\"fusion-grid-column fusion-gallery-column fusion-gallery-column-3 hover-type-zoomin\"><div class=\"fusion-gallery-image\"><a href=\"https:\/\/criteriabcn.com\/wp-content\/uploads\/2019\/01\/001-centro-dia-viladecans_CENTRO-DIA.jpg\" rel=\"noreferrer\" data-rel=\"iLightbox[gallery_image_1]\" class=\"fusion-lightbox\" target=\"_self\"><img decoding=\"async\" src=\"https:\/\/criteriabcn.com\/wp-content\/uploads\/2019\/01\/001-centro-dia-viladecans_CENTRO-DIA-460x295.jpg\" width=\"460\" height=\"295\" alt=\"\" title=\"001 centro dia viladecans_CENTRO DIA\" aria-label=\"001 centro dia viladecans_CENTRO DIA\" class=\"img-responsive wp-image-20046 fusion-gallery-image-size-fixed\"  \/><\/a><\/div><\/div><div style=\"padding:5px;\" class=\"fusion-grid-column fusion-gallery-column fusion-gallery-column-3 hover-type-zoomin\"><div class=\"fusion-gallery-image\"><a href=\"https:\/\/criteriabcn.com\/wp-content\/uploads\/2019\/01\/02-2-centro-dia-viladecans_CENTRO-DIA.jpg\" rel=\"noreferrer\" data-rel=\"iLightbox[gallery_image_1]\" class=\"fusion-lightbox\" target=\"_self\"><img decoding=\"async\" src=\"https:\/\/criteriabcn.com\/wp-content\/uploads\/2019\/01\/02-2-centro-dia-viladecans_CENTRO-DIA-460x295.jpg\" width=\"460\" height=\"295\" alt=\"\" title=\"02-2 centro dia viladecans_CENTRO DIA\" aria-label=\"02-2 centro dia viladecans_CENTRO DIA\" class=\"img-responsive wp-image-20048 fusion-gallery-image-size-fixed\"  \/><\/a><\/div><\/div><div style=\"padding:5px;\" class=\"fusion-grid-column fusion-gallery-column fusion-gallery-column-3 hover-type-zoomin\"><div class=\"fusion-gallery-image\"><a href=\"https:\/\/criteriabcn.com\/wp-content\/uploads\/2019\/01\/006-centro-dia-viladecans_CENTRO-DIA.jpg\" rel=\"noreferrer\" data-rel=\"iLightbox[gallery_image_1]\" class=\"fusion-lightbox\" target=\"_self\"><img decoding=\"async\" src=\"https:\/\/criteriabcn.com\/wp-content\/uploads\/2019\/01\/006-centro-dia-viladecans_CENTRO-DIA-460x295.jpg\" width=\"460\" height=\"295\" alt=\"\" title=\"006 centro dia viladecans_CENTRO DIA\" aria-label=\"006 centro dia viladecans_CENTRO DIA\" class=\"img-responsive wp-image-20050 fusion-gallery-image-size-fixed\"  \/><\/a><\/div><\/div><div class=\"clearfix\"><\/div><div style=\"padding:5px;\" class=\"fusion-grid-column fusion-gallery-column fusion-gallery-column-3 hover-type-zoomin\"><div class=\"fusion-gallery-image\"><a href=\"https:\/\/criteriabcn.com\/wp-content\/uploads\/2019\/01\/007-centro-dia-viladecans_CENTRO-DIA.jpg\" rel=\"noreferrer\" data-rel=\"iLightbox[gallery_image_1]\" class=\"fusion-lightbox\" target=\"_self\"><img decoding=\"async\" src=\"https:\/\/criteriabcn.com\/wp-content\/uploads\/2019\/01\/007-centro-dia-viladecans_CENTRO-DIA-460x295.jpg\" width=\"460\" height=\"295\" alt=\"\" title=\"007 centro dia viladecans_CENTRO DIA\" aria-label=\"007 centro dia viladecans_CENTRO DIA\" class=\"img-responsive wp-image-20052 fusion-gallery-image-size-fixed\"  \/><\/a><\/div><\/div><\/div><\/div><\/div><\/div><\/div><\/div><\/p>\n","protected":false},"excerpt":{"rendered":"","protected":false},"author":3,"featured_media":18011,"menu_order":54,"comment_status":"open","ping_status":"closed","template":"","format":"standard","meta":{"footnotes":""},"portfolio_category":[134],"portfolio_skills":[],"portfolio_tags":[],"class_list":["post-18326","avada_portfolio","type-avada_portfolio","status-publish","format-standard","has-post-thumbnail","hentry","portfolio_category-obra-publica"],"yoast_head":"<!-- This site is optimized with the Yoast SEO plugin v24.1 - https:\/\/yoast.com\/wordpress\/plugins\/seo\/ -->\n<title>Centro de d\u00eda en Viladecans - Criteria BCN<\/title>\n<meta name=\"robots\" content=\"index, follow, max-snippet:-1, max-image-preview:large, max-video-preview:-1\" \/>\n<link rel=\"canonical\" href=\"https:\/\/criteriabcn.com\/es\/portafoli\/centeo-de-dia-a-viladecans\/\" \/>\n<meta property=\"og:locale\" content=\"es_ES\" \/>\n<meta property=\"og:type\" content=\"article\" \/>\n<meta property=\"og:title\" content=\"Centro de d\u00eda en Viladecans - Criteria BCN\" \/>\n<meta property=\"og:url\" content=\"https:\/\/criteriabcn.com\/es\/portafoli\/centeo-de-dia-a-viladecans\/\" \/>\n<meta property=\"og:site_name\" content=\"Criteria BCN\" \/>\n<meta property=\"article:modified_time\" content=\"2019-03-26T08:12:33+00:00\" \/>\n<meta property=\"og:image\" content=\"https:\/\/criteriabcn.com\/wp-content\/uploads\/2019\/01\/004-centro-dia-viladecans_p.jpg\" \/>\n\t<meta property=\"og:image:width\" content=\"355\" \/>\n\t<meta property=\"og:image:height\" content=\"230\" \/>\n\t<meta property=\"og:image:type\" content=\"image\/jpeg\" \/>\n<meta name=\"twitter:card\" content=\"summary_large_image\" \/>\n<meta name=\"twitter:label1\" content=\"Tiempo de lectura\" \/>\n\t<meta name=\"twitter:data1\" content=\"3 minutos\" \/>\n<script type=\"application\/ld+json\" class=\"yoast-schema-graph\">{\"@context\":\"https:\/\/schema.org\",\"@graph\":[{\"@type\":\"WebPage\",\"@id\":\"https:\/\/criteriabcn.com\/es\/portafoli\/centeo-de-dia-a-viladecans\/\",\"url\":\"https:\/\/criteriabcn.com\/es\/portafoli\/centeo-de-dia-a-viladecans\/\",\"name\":\"Centro de d\u00eda en Viladecans - Criteria BCN\",\"isPartOf\":{\"@id\":\"https:\/\/criteriabcn.com\/es\/#website\"},\"primaryImageOfPage\":{\"@id\":\"https:\/\/criteriabcn.com\/es\/portafoli\/centeo-de-dia-a-viladecans\/#primaryimage\"},\"image\":{\"@id\":\"https:\/\/criteriabcn.com\/es\/portafoli\/centeo-de-dia-a-viladecans\/#primaryimage\"},\"thumbnailUrl\":\"https:\/\/criteriabcn.com\/wp-content\/uploads\/2019\/01\/004-centro-dia-viladecans_p.jpg\",\"datePublished\":\"2019-01-11T09:47:44+00:00\",\"dateModified\":\"2019-03-26T08:12:33+00:00\",\"breadcrumb\":{\"@id\":\"https:\/\/criteriabcn.com\/es\/portafoli\/centeo-de-dia-a-viladecans\/#breadcrumb\"},\"inLanguage\":\"es\",\"potentialAction\":[{\"@type\":\"ReadAction\",\"target\":[\"https:\/\/criteriabcn.com\/es\/portafoli\/centeo-de-dia-a-viladecans\/\"]}]},{\"@type\":\"ImageObject\",\"inLanguage\":\"es\",\"@id\":\"https:\/\/criteriabcn.com\/es\/portafoli\/centeo-de-dia-a-viladecans\/#primaryimage\",\"url\":\"https:\/\/criteriabcn.com\/wp-content\/uploads\/2019\/01\/004-centro-dia-viladecans_p.jpg\",\"contentUrl\":\"https:\/\/criteriabcn.com\/wp-content\/uploads\/2019\/01\/004-centro-dia-viladecans_p.jpg\",\"width\":355,\"height\":230},{\"@type\":\"BreadcrumbList\",\"@id\":\"https:\/\/criteriabcn.com\/es\/portafoli\/centeo-de-dia-a-viladecans\/#breadcrumb\",\"itemListElement\":[{\"@type\":\"ListItem\",\"position\":1,\"name\":\"Inici\",\"item\":\"https:\/\/criteriabcn.com\/es\/\"},{\"@type\":\"ListItem\",\"position\":2,\"name\":\"Portfolio\",\"item\":\"https:\/\/criteriabcn.com\/portafoli\/\"},{\"@type\":\"ListItem\",\"position\":3,\"name\":\"Centro de d\u00eda en Viladecans\"}]},{\"@type\":\"WebSite\",\"@id\":\"https:\/\/criteriabcn.com\/es\/#website\",\"url\":\"https:\/\/criteriabcn.com\/es\/\",\"name\":\"Criteria BCN\",\"description\":\"La arquitectura de los sentidos\",\"potentialAction\":[{\"@type\":\"SearchAction\",\"target\":{\"@type\":\"EntryPoint\",\"urlTemplate\":\"https:\/\/criteriabcn.com\/es\/?s={search_term_string}\"},\"query-input\":{\"@type\":\"PropertyValueSpecification\",\"valueRequired\":true,\"valueName\":\"search_term_string\"}}],\"inLanguage\":\"es\"}]}<\/script>\n<!-- \/ Yoast SEO plugin. -->","yoast_head_json":{"title":"Centro de d\u00eda en Viladecans - Criteria BCN","robots":{"index":"index","follow":"follow","max-snippet":"max-snippet:-1","max-image-preview":"max-image-preview:large","max-video-preview":"max-video-preview:-1"},"canonical":"https:\/\/criteriabcn.com\/es\/portafoli\/centeo-de-dia-a-viladecans\/","og_locale":"es_ES","og_type":"article","og_title":"Centro de d\u00eda en Viladecans - Criteria BCN","og_url":"https:\/\/criteriabcn.com\/es\/portafoli\/centeo-de-dia-a-viladecans\/","og_site_name":"Criteria BCN","article_modified_time":"2019-03-26T08:12:33+00:00","og_image":[{"width":355,"height":230,"url":"https:\/\/criteriabcn.com\/wp-content\/uploads\/2019\/01\/004-centro-dia-viladecans_p.jpg","type":"image\/jpeg"}],"twitter_card":"summary_large_image","twitter_misc":{"Tiempo de lectura":"3 minutos"},"schema":{"@context":"https:\/\/schema.org","@graph":[{"@type":"WebPage","@id":"https:\/\/criteriabcn.com\/es\/portafoli\/centeo-de-dia-a-viladecans\/","url":"https:\/\/criteriabcn.com\/es\/portafoli\/centeo-de-dia-a-viladecans\/","name":"Centro de d\u00eda en Viladecans - Criteria BCN","isPartOf":{"@id":"https:\/\/criteriabcn.com\/es\/#website"},"primaryImageOfPage":{"@id":"https:\/\/criteriabcn.com\/es\/portafoli\/centeo-de-dia-a-viladecans\/#primaryimage"},"image":{"@id":"https:\/\/criteriabcn.com\/es\/portafoli\/centeo-de-dia-a-viladecans\/#primaryimage"},"thumbnailUrl":"https:\/\/criteriabcn.com\/wp-content\/uploads\/2019\/01\/004-centro-dia-viladecans_p.jpg","datePublished":"2019-01-11T09:47:44+00:00","dateModified":"2019-03-26T08:12:33+00:00","breadcrumb":{"@id":"https:\/\/criteriabcn.com\/es\/portafoli\/centeo-de-dia-a-viladecans\/#breadcrumb"},"inLanguage":"es","potentialAction":[{"@type":"ReadAction","target":["https:\/\/criteriabcn.com\/es\/portafoli\/centeo-de-dia-a-viladecans\/"]}]},{"@type":"ImageObject","inLanguage":"es","@id":"https:\/\/criteriabcn.com\/es\/portafoli\/centeo-de-dia-a-viladecans\/#primaryimage","url":"https:\/\/criteriabcn.com\/wp-content\/uploads\/2019\/01\/004-centro-dia-viladecans_p.jpg","contentUrl":"https:\/\/criteriabcn.com\/wp-content\/uploads\/2019\/01\/004-centro-dia-viladecans_p.jpg","width":355,"height":230},{"@type":"BreadcrumbList","@id":"https:\/\/criteriabcn.com\/es\/portafoli\/centeo-de-dia-a-viladecans\/#breadcrumb","itemListElement":[{"@type":"ListItem","position":1,"name":"Inici","item":"https:\/\/criteriabcn.com\/es\/"},{"@type":"ListItem","position":2,"name":"Portfolio","item":"https:\/\/criteriabcn.com\/portafoli\/"},{"@type":"ListItem","position":3,"name":"Centro de d\u00eda en Viladecans"}]},{"@type":"WebSite","@id":"https:\/\/criteriabcn.com\/es\/#website","url":"https:\/\/criteriabcn.com\/es\/","name":"Criteria BCN","description":"La arquitectura de los sentidos","potentialAction":[{"@type":"SearchAction","target":{"@type":"EntryPoint","urlTemplate":"https:\/\/criteriabcn.com\/es\/?s={search_term_string}"},"query-input":{"@type":"PropertyValueSpecification","valueRequired":true,"valueName":"search_term_string"}}],"inLanguage":"es"}]}},"_links":{"self":[{"href":"https:\/\/criteriabcn.com\/es\/wp-json\/wp\/v2\/avada_portfolio\/18326","targetHints":{"allow":["GET"]}}],"collection":[{"href":"https:\/\/criteriabcn.com\/es\/wp-json\/wp\/v2\/avada_portfolio"}],"about":[{"href":"https:\/\/criteriabcn.com\/es\/wp-json\/wp\/v2\/types\/avada_portfolio"}],"author":[{"embeddable":true,"href":"https:\/\/criteriabcn.com\/es\/wp-json\/wp\/v2\/users\/3"}],"replies":[{"embeddable":true,"href":"https:\/\/criteriabcn.com\/es\/wp-json\/wp\/v2\/comments?post=18326"}],"version-history":[{"count":16,"href":"https:\/\/criteriabcn.com\/es\/wp-json\/wp\/v2\/avada_portfolio\/18326\/revisions"}],"predecessor-version":[{"id":20054,"href":"https:\/\/criteriabcn.com\/es\/wp-json\/wp\/v2\/avada_portfolio\/18326\/revisions\/20054"}],"wp:featuredmedia":[{"embeddable":true,"href":"https:\/\/criteriabcn.com\/es\/wp-json\/wp\/v2\/media\/18011"}],"wp:attachment":[{"href":"https:\/\/criteriabcn.com\/es\/wp-json\/wp\/v2\/media?parent=18326"}],"wp:term":[{"taxonomy":"portfolio_category","embeddable":true,"href":"https:\/\/criteriabcn.com\/es\/wp-json\/wp\/v2\/portfolio_category?post=18326"},{"taxonomy":"portfolio_skills","embeddable":true,"href":"https:\/\/criteriabcn.com\/es\/wp-json\/wp\/v2\/portfolio_skills?post=18326"},{"taxonomy":"portfolio_tags","embeddable":true,"href":"https:\/\/criteriabcn.com\/es\/wp-json\/wp\/v2\/portfolio_tags?post=18326"}],"curies":[{"name":"wp","href":"https:\/\/api.w.org\/{rel}","templated":true}]}}