{"id":18330,"date":"2019-01-11T10:29:08","date_gmt":"2019-01-11T09:29:08","guid":{"rendered":"http:\/\/criteriabcn.com\/portafoli\/centro-de-asistencia-primaria-en-vilassar-de-mar\/"},"modified":"2019-04-11T08:03:38","modified_gmt":"2019-04-11T07:03:38","slug":"centre-d-assistencia-primaria-a-vilassar-de-mar","status":"publish","type":"avada_portfolio","link":"https:\/\/criteriabcn.com\/es\/portafoli\/centre-d-assistencia-primaria-a-vilassar-de-mar\/","title":{"rendered":"Centro de Asistencia Primaria en Vilassar de Mar"},"content":{"rendered":"<p><div class=\"fusion-fullwidth fullwidth-box fusion-builder-row-1 fusion-flex-container nonhundred-percent-fullwidth non-hundred-percent-height-scrolling\" style=\"--awb-border-radius-top-left:0px;--awb-border-radius-top-right:0px;--awb-border-radius-bottom-right:0px;--awb-border-radius-bottom-left:0px;--awb-flex-wrap:wrap;\" ><div class=\"fusion-builder-row fusion-row fusion-flex-align-items-flex-start fusion-flex-content-wrap\" style=\"max-width:calc( 1100px + 0px );margin-left: calc(-0px \/ 2 );margin-right: calc(-0px \/ 2 );\"><div class=\"fusion-layout-column fusion_builder_column fusion-builder-column-0 fusion_builder_column_1_1 1_1 fusion-flex-column\" style=\"--awb-bg-size:cover;--awb-width-large:100%;--awb-margin-top-large:0px;--awb-spacing-right-large:0px;--awb-margin-bottom-large:20px;--awb-spacing-left-large:0px;--awb-width-medium:100%;--awb-spacing-right-medium:0px;--awb-spacing-left-medium:0px;--awb-width-small:100%;--awb-spacing-right-small:0px;--awb-spacing-left-small:0px;\"><div class=\"fusion-column-wrapper fusion-flex-justify-content-flex-start fusion-content-layout-column\"><h3 class=\"projecte_title\">Centro de Asistencia Primaria en Vilassar de Mar<\/h3><\/div><\/div><\/div><\/div><div class=\"fusion-fullwidth fullwidth-box fusion-builder-row-2 fusion-flex-container nonhundred-percent-fullwidth non-hundred-percent-height-scrolling\" style=\"--awb-border-radius-top-left:0px;--awb-border-radius-top-right:0px;--awb-border-radius-bottom-right:0px;--awb-border-radius-bottom-left:0px;--awb-flex-wrap:wrap;\" ><div class=\"fusion-builder-row fusion-row fusion-flex-align-items-flex-start fusion-flex-content-wrap\" style=\"max-width:1144px;margin-left: calc(-4% \/ 2 );margin-right: calc(-4% \/ 2 );\"><div class=\"fusion-layout-column fusion_builder_column fusion-builder-column-1 fusion_builder_column_2_3 2_3 fusion-flex-column\" style=\"--awb-bg-size:cover;--awb-width-large:66.666666666667%;--awb-margin-top-large:0px;--awb-spacing-right-large:3.84%;--awb-margin-bottom-large:20px;--awb-spacing-left-large:2.88%;--awb-width-medium:66.666666666667%;--awb-spacing-right-medium:3.84%;--awb-spacing-left-medium:2.88%;--awb-width-small:100%;--awb-spacing-right-small:1.92%;--awb-spacing-left-small:1.92%;\"><div class=\"fusion-column-wrapper fusion-flex-justify-content-flex-start fusion-content-layout-column\"><div class=\"fusion-image-element \" style=\"--awb-caption-title-font-family:var(--h2_typography-font-family);--awb-caption-title-font-weight:var(--h2_typography-font-weight);--awb-caption-title-font-style:var(--h2_typography-font-style);--awb-caption-title-size:var(--h2_typography-font-size);--awb-caption-title-transform:var(--h2_typography-text-transform);--awb-caption-title-line-height:var(--h2_typography-line-height);--awb-caption-title-letter-spacing:var(--h2_typography-letter-spacing);\"><span class=\" fusion-imageframe imageframe-none imageframe-1 hover-type-none\"><img decoding=\"async\" width=\"700\" height=\"522\" title=\"cap-vilassar-005_G\" src=\"http:\/\/criteriabcn.com\/wp-content\/uploads\/2019\/01\/cap-vilassar-005_G.jpg\" alt class=\"img-responsive wp-image-18003\" srcset=\"https:\/\/criteriabcn.com\/wp-content\/uploads\/2019\/01\/cap-vilassar-005_G-200x149.jpg 200w, https:\/\/criteriabcn.com\/wp-content\/uploads\/2019\/01\/cap-vilassar-005_G-400x298.jpg 400w, https:\/\/criteriabcn.com\/wp-content\/uploads\/2019\/01\/cap-vilassar-005_G-600x447.jpg 600w, https:\/\/criteriabcn.com\/wp-content\/uploads\/2019\/01\/cap-vilassar-005_G.jpg 700w\" sizes=\"(max-width: 640px) 100vw, 700px\" \/><\/span><\/div><\/div><\/div><div class=\"fusion-layout-column fusion_builder_column fusion-builder-column-2 fusion_builder_column_1_3 1_3 fusion-flex-column\" style=\"--awb-bg-size:cover;--awb-width-large:33.333333333333%;--awb-margin-top-large:0px;--awb-spacing-right-large:5.76%;--awb-margin-bottom-large:20px;--awb-spacing-left-large:3.8399999999999%;--awb-width-medium:33.333333333333%;--awb-spacing-right-medium:5.76%;--awb-spacing-left-medium:3.8399999999999%;--awb-width-small:100%;--awb-spacing-right-small:1.92%;--awb-spacing-left-small:1.92%;\"><div class=\"fusion-column-wrapper fusion-flex-justify-content-flex-start fusion-content-layout-column\"><div class=\"project_title\">Breve descripci\u00f3n<\/div>\n<p>El edificio responde a las condicionantes de alineaci\u00f3n ya existentes. Desde uno de los extremos un murete de ladrillos acompa\u00f1a hasta la entrada principal al centro del edificio que se justifica con la distribuci\u00f3n del \u00e1rea de atenci\u00f3n continuada y el \u00e1rea de medicina general a cada lado.\nLa composici\u00f3n volum\u00e9trica se complementa con el marcado sentido longitudinal del edificio, acentuado por unas juntas horizontales de ladrillo que proporcionan a la fachada un ritmo reforzado por un voladizo de hormig\u00f3n. Cabe destacar su buena integraci\u00f3n en el casco antiguo de la poblaci\u00f3n.\n<\/p>\n<div class=\"project_title\">Categor\u00eda<\/div>\n<p>Obra P\u00fablica<\/p>\n<div class=\"project_title\">Poblaci\u00f3n<\/div>\n<p>Vilassar de Mar, Barcelona<\/p>\n<div class=\"project_title\">A\u00f1o<\/div>\n<p>1996-1999<\/p>\n<\/div><\/div><\/div><\/div><\/p>\n","protected":false},"excerpt":{"rendered":"","protected":false},"author":3,"featured_media":18002,"menu_order":50,"comment_status":"open","ping_status":"closed","template":"","format":"standard","meta":{"footnotes":""},"portfolio_category":[134],"portfolio_skills":[],"portfolio_tags":[],"class_list":["post-18330","avada_portfolio","type-avada_portfolio","status-publish","format-standard","has-post-thumbnail","hentry","portfolio_category-obra-publica"],"yoast_head":"<!-- This site is optimized with the Yoast SEO plugin v24.1 - https:\/\/yoast.com\/wordpress\/plugins\/seo\/ -->\n<title>Centro de Asistencia Primaria en Vilassar de Mar - Criteria BCN<\/title>\n<meta name=\"robots\" content=\"index, follow, max-snippet:-1, max-image-preview:large, max-video-preview:-1\" \/>\n<link rel=\"canonical\" href=\"https:\/\/criteriabcn.com\/es\/portafoli\/centre-d-assistencia-primaria-a-vilassar-de-mar\/\" \/>\n<meta property=\"og:locale\" content=\"es_ES\" \/>\n<meta property=\"og:type\" content=\"article\" \/>\n<meta property=\"og:title\" content=\"Centro de Asistencia Primaria en Vilassar de Mar - Criteria BCN\" \/>\n<meta property=\"og:url\" content=\"https:\/\/criteriabcn.com\/es\/portafoli\/centre-d-assistencia-primaria-a-vilassar-de-mar\/\" \/>\n<meta property=\"og:site_name\" content=\"Criteria BCN\" \/>\n<meta property=\"article:modified_time\" content=\"2019-04-11T07:03:38+00:00\" \/>\n<meta property=\"og:image\" content=\"https:\/\/criteriabcn.com\/wp-content\/uploads\/2019\/01\/cap-vilassar-005_p.jpg\" \/>\n\t<meta property=\"og:image:width\" content=\"355\" \/>\n\t<meta property=\"og:image:height\" content=\"230\" \/>\n\t<meta property=\"og:image:type\" content=\"image\/jpeg\" \/>\n<meta name=\"twitter:card\" content=\"summary_large_image\" \/>\n<meta name=\"twitter:label1\" content=\"Tiempo de lectura\" \/>\n\t<meta name=\"twitter:data1\" content=\"3 minutos\" \/>\n<script type=\"application\/ld+json\" class=\"yoast-schema-graph\">{\"@context\":\"https:\/\/schema.org\",\"@graph\":[{\"@type\":\"WebPage\",\"@id\":\"https:\/\/criteriabcn.com\/es\/portafoli\/centre-d-assistencia-primaria-a-vilassar-de-mar\/\",\"url\":\"https:\/\/criteriabcn.com\/es\/portafoli\/centre-d-assistencia-primaria-a-vilassar-de-mar\/\",\"name\":\"Centro de Asistencia Primaria en Vilassar de Mar - Criteria BCN\",\"isPartOf\":{\"@id\":\"https:\/\/criteriabcn.com\/es\/#website\"},\"primaryImageOfPage\":{\"@id\":\"https:\/\/criteriabcn.com\/es\/portafoli\/centre-d-assistencia-primaria-a-vilassar-de-mar\/#primaryimage\"},\"image\":{\"@id\":\"https:\/\/criteriabcn.com\/es\/portafoli\/centre-d-assistencia-primaria-a-vilassar-de-mar\/#primaryimage\"},\"thumbnailUrl\":\"https:\/\/criteriabcn.com\/wp-content\/uploads\/2019\/01\/cap-vilassar-005_p.jpg\",\"datePublished\":\"2019-01-11T09:29:08+00:00\",\"dateModified\":\"2019-04-11T07:03:38+00:00\",\"breadcrumb\":{\"@id\":\"https:\/\/criteriabcn.com\/es\/portafoli\/centre-d-assistencia-primaria-a-vilassar-de-mar\/#breadcrumb\"},\"inLanguage\":\"es\",\"potentialAction\":[{\"@type\":\"ReadAction\",\"target\":[\"https:\/\/criteriabcn.com\/es\/portafoli\/centre-d-assistencia-primaria-a-vilassar-de-mar\/\"]}]},{\"@type\":\"ImageObject\",\"inLanguage\":\"es\",\"@id\":\"https:\/\/criteriabcn.com\/es\/portafoli\/centre-d-assistencia-primaria-a-vilassar-de-mar\/#primaryimage\",\"url\":\"https:\/\/criteriabcn.com\/wp-content\/uploads\/2019\/01\/cap-vilassar-005_p.jpg\",\"contentUrl\":\"https:\/\/criteriabcn.com\/wp-content\/uploads\/2019\/01\/cap-vilassar-005_p.jpg\",\"width\":355,\"height\":230},{\"@type\":\"BreadcrumbList\",\"@id\":\"https:\/\/criteriabcn.com\/es\/portafoli\/centre-d-assistencia-primaria-a-vilassar-de-mar\/#breadcrumb\",\"itemListElement\":[{\"@type\":\"ListItem\",\"position\":1,\"name\":\"Inici\",\"item\":\"https:\/\/criteriabcn.com\/es\/\"},{\"@type\":\"ListItem\",\"position\":2,\"name\":\"Portfolio\",\"item\":\"https:\/\/criteriabcn.com\/portafoli\/\"},{\"@type\":\"ListItem\",\"position\":3,\"name\":\"Centro de Asistencia Primaria en Vilassar de Mar\"}]},{\"@type\":\"WebSite\",\"@id\":\"https:\/\/criteriabcn.com\/es\/#website\",\"url\":\"https:\/\/criteriabcn.com\/es\/\",\"name\":\"Criteria BCN\",\"description\":\"La arquitectura de los sentidos\",\"potentialAction\":[{\"@type\":\"SearchAction\",\"target\":{\"@type\":\"EntryPoint\",\"urlTemplate\":\"https:\/\/criteriabcn.com\/es\/?s={search_term_string}\"},\"query-input\":{\"@type\":\"PropertyValueSpecification\",\"valueRequired\":true,\"valueName\":\"search_term_string\"}}],\"inLanguage\":\"es\"}]}<\/script>\n<!-- \/ Yoast SEO plugin. -->","yoast_head_json":{"title":"Centro de Asistencia Primaria en Vilassar de Mar - Criteria BCN","robots":{"index":"index","follow":"follow","max-snippet":"max-snippet:-1","max-image-preview":"max-image-preview:large","max-video-preview":"max-video-preview:-1"},"canonical":"https:\/\/criteriabcn.com\/es\/portafoli\/centre-d-assistencia-primaria-a-vilassar-de-mar\/","og_locale":"es_ES","og_type":"article","og_title":"Centro de Asistencia Primaria en Vilassar de Mar - Criteria BCN","og_url":"https:\/\/criteriabcn.com\/es\/portafoli\/centre-d-assistencia-primaria-a-vilassar-de-mar\/","og_site_name":"Criteria BCN","article_modified_time":"2019-04-11T07:03:38+00:00","og_image":[{"width":355,"height":230,"url":"https:\/\/criteriabcn.com\/wp-content\/uploads\/2019\/01\/cap-vilassar-005_p.jpg","type":"image\/jpeg"}],"twitter_card":"summary_large_image","twitter_misc":{"Tiempo de lectura":"3 minutos"},"schema":{"@context":"https:\/\/schema.org","@graph":[{"@type":"WebPage","@id":"https:\/\/criteriabcn.com\/es\/portafoli\/centre-d-assistencia-primaria-a-vilassar-de-mar\/","url":"https:\/\/criteriabcn.com\/es\/portafoli\/centre-d-assistencia-primaria-a-vilassar-de-mar\/","name":"Centro de Asistencia Primaria en Vilassar de Mar - Criteria BCN","isPartOf":{"@id":"https:\/\/criteriabcn.com\/es\/#website"},"primaryImageOfPage":{"@id":"https:\/\/criteriabcn.com\/es\/portafoli\/centre-d-assistencia-primaria-a-vilassar-de-mar\/#primaryimage"},"image":{"@id":"https:\/\/criteriabcn.com\/es\/portafoli\/centre-d-assistencia-primaria-a-vilassar-de-mar\/#primaryimage"},"thumbnailUrl":"https:\/\/criteriabcn.com\/wp-content\/uploads\/2019\/01\/cap-vilassar-005_p.jpg","datePublished":"2019-01-11T09:29:08+00:00","dateModified":"2019-04-11T07:03:38+00:00","breadcrumb":{"@id":"https:\/\/criteriabcn.com\/es\/portafoli\/centre-d-assistencia-primaria-a-vilassar-de-mar\/#breadcrumb"},"inLanguage":"es","potentialAction":[{"@type":"ReadAction","target":["https:\/\/criteriabcn.com\/es\/portafoli\/centre-d-assistencia-primaria-a-vilassar-de-mar\/"]}]},{"@type":"ImageObject","inLanguage":"es","@id":"https:\/\/criteriabcn.com\/es\/portafoli\/centre-d-assistencia-primaria-a-vilassar-de-mar\/#primaryimage","url":"https:\/\/criteriabcn.com\/wp-content\/uploads\/2019\/01\/cap-vilassar-005_p.jpg","contentUrl":"https:\/\/criteriabcn.com\/wp-content\/uploads\/2019\/01\/cap-vilassar-005_p.jpg","width":355,"height":230},{"@type":"BreadcrumbList","@id":"https:\/\/criteriabcn.com\/es\/portafoli\/centre-d-assistencia-primaria-a-vilassar-de-mar\/#breadcrumb","itemListElement":[{"@type":"ListItem","position":1,"name":"Inici","item":"https:\/\/criteriabcn.com\/es\/"},{"@type":"ListItem","position":2,"name":"Portfolio","item":"https:\/\/criteriabcn.com\/portafoli\/"},{"@type":"ListItem","position":3,"name":"Centro de Asistencia Primaria en Vilassar de Mar"}]},{"@type":"WebSite","@id":"https:\/\/criteriabcn.com\/es\/#website","url":"https:\/\/criteriabcn.com\/es\/","name":"Criteria BCN","description":"La arquitectura de los sentidos","potentialAction":[{"@type":"SearchAction","target":{"@type":"EntryPoint","urlTemplate":"https:\/\/criteriabcn.com\/es\/?s={search_term_string}"},"query-input":{"@type":"PropertyValueSpecification","valueRequired":true,"valueName":"search_term_string"}}],"inLanguage":"es"}]}},"_links":{"self":[{"href":"https:\/\/criteriabcn.com\/es\/wp-json\/wp\/v2\/avada_portfolio\/18330","targetHints":{"allow":["GET"]}}],"collection":[{"href":"https:\/\/criteriabcn.com\/es\/wp-json\/wp\/v2\/avada_portfolio"}],"about":[{"href":"https:\/\/criteriabcn.com\/es\/wp-json\/wp\/v2\/types\/avada_portfolio"}],"author":[{"embeddable":true,"href":"https:\/\/criteriabcn.com\/es\/wp-json\/wp\/v2\/users\/3"}],"replies":[{"embeddable":true,"href":"https:\/\/criteriabcn.com\/es\/wp-json\/wp\/v2\/comments?post=18330"}],"version-history":[{"count":16,"href":"https:\/\/criteriabcn.com\/es\/wp-json\/wp\/v2\/avada_portfolio\/18330\/revisions"}],"predecessor-version":[{"id":20252,"href":"https:\/\/criteriabcn.com\/es\/wp-json\/wp\/v2\/avada_portfolio\/18330\/revisions\/20252"}],"wp:featuredmedia":[{"embeddable":true,"href":"https:\/\/criteriabcn.com\/es\/wp-json\/wp\/v2\/media\/18002"}],"wp:attachment":[{"href":"https:\/\/criteriabcn.com\/es\/wp-json\/wp\/v2\/media?parent=18330"}],"wp:term":[{"taxonomy":"portfolio_category","embeddable":true,"href":"https:\/\/criteriabcn.com\/es\/wp-json\/wp\/v2\/portfolio_category?post=18330"},{"taxonomy":"portfolio_skills","embeddable":true,"href":"https:\/\/criteriabcn.com\/es\/wp-json\/wp\/v2\/portfolio_skills?post=18330"},{"taxonomy":"portfolio_tags","embeddable":true,"href":"https:\/\/criteriabcn.com\/es\/wp-json\/wp\/v2\/portfolio_tags?post=18330"}],"curies":[{"name":"wp","href":"https:\/\/api.w.org\/{rel}","templated":true}]}}