{"id":18397,"date":"2019-01-10T12:06:55","date_gmt":"2019-01-10T12:06:55","guid":{"rendered":"http:\/\/criteriabcn.com\/portafoli\/hotel-y-restaurante-en-can-reig\/"},"modified":"2019-03-25T19:42:48","modified_gmt":"2019-03-25T18:42:48","slug":"hotel-y-restaurante-en-can-reig","status":"publish","type":"avada_portfolio","link":"https:\/\/criteriabcn.com\/es\/portafoli\/hotel-y-restaurante-en-can-reig\/","title":{"rendered":"Hotel y restaurante en Can Reig"},"content":{"rendered":"<p><div class=\"fusion-fullwidth fullwidth-box fusion-builder-row-1 fusion-flex-container nonhundred-percent-fullwidth non-hundred-percent-height-scrolling\" style=\"--awb-border-radius-top-left:0px;--awb-border-radius-top-right:0px;--awb-border-radius-bottom-right:0px;--awb-border-radius-bottom-left:0px;--awb-flex-wrap:wrap;\" ><div class=\"fusion-builder-row fusion-row fusion-flex-align-items-flex-start fusion-flex-content-wrap\" style=\"max-width:calc( 1100px + 0px );margin-left: calc(-0px \/ 2 );margin-right: calc(-0px \/ 2 );\"><div class=\"fusion-layout-column fusion_builder_column fusion-builder-column-0 fusion_builder_column_1_1 1_1 fusion-flex-column\" style=\"--awb-bg-size:cover;--awb-width-large:100%;--awb-margin-top-large:0px;--awb-spacing-right-large:0px;--awb-margin-bottom-large:20px;--awb-spacing-left-large:0px;--awb-width-medium:100%;--awb-spacing-right-medium:0px;--awb-spacing-left-medium:0px;--awb-width-small:100%;--awb-spacing-right-small:0px;--awb-spacing-left-small:0px;\"><div class=\"fusion-column-wrapper fusion-flex-justify-content-flex-start fusion-content-layout-column\"><h3 class=\"projecte_title\">Hotel y restaurante en Can Reig<\/h3><\/div><\/div><\/div><\/div><div class=\"fusion-fullwidth fullwidth-box fusion-builder-row-2 fusion-flex-container nonhundred-percent-fullwidth non-hundred-percent-height-scrolling\" style=\"--awb-border-radius-top-left:0px;--awb-border-radius-top-right:0px;--awb-border-radius-bottom-right:0px;--awb-border-radius-bottom-left:0px;--awb-flex-wrap:wrap;\" ><div class=\"fusion-builder-row fusion-row fusion-flex-align-items-flex-start fusion-flex-content-wrap\" style=\"max-width:1144px;margin-left: calc(-4% \/ 2 );margin-right: calc(-4% \/ 2 );\"><div class=\"fusion-layout-column fusion_builder_column fusion-builder-column-1 fusion_builder_column_2_3 2_3 fusion-flex-column\" style=\"--awb-bg-size:cover;--awb-width-large:66.666666666667%;--awb-margin-top-large:0px;--awb-spacing-right-large:3.84%;--awb-margin-bottom-large:20px;--awb-spacing-left-large:2.88%;--awb-width-medium:66.666666666667%;--awb-spacing-right-medium:3.84%;--awb-spacing-left-medium:2.88%;--awb-width-small:100%;--awb-spacing-right-small:1.92%;--awb-spacing-left-small:1.92%;\"><div class=\"fusion-column-wrapper fusion-flex-justify-content-flex-start fusion-content-layout-column\"><div class=\"fusion-image-element \" style=\"--awb-caption-title-font-family:var(--h2_typography-font-family);--awb-caption-title-font-weight:var(--h2_typography-font-weight);--awb-caption-title-font-style:var(--h2_typography-font-style);--awb-caption-title-size:var(--h2_typography-font-size);--awb-caption-title-transform:var(--h2_typography-text-transform);--awb-caption-title-line-height:var(--h2_typography-line-height);--awb-caption-title-letter-spacing:var(--h2_typography-letter-spacing);\"><span class=\" fusion-imageframe imageframe-none imageframe-1 hover-type-none\"><img decoding=\"async\" width=\"700\" height=\"451\" title=\"plant-conjunto_CAN-REIG_G\" src=\"http:\/\/criteriabcn.com\/wp-content\/uploads\/2019\/01\/plant-conjunto_CAN-REIG_G.jpg\" alt class=\"img-responsive wp-image-17979\" srcset=\"https:\/\/criteriabcn.com\/wp-content\/uploads\/2019\/01\/plant-conjunto_CAN-REIG_G-200x129.jpg 200w, https:\/\/criteriabcn.com\/wp-content\/uploads\/2019\/01\/plant-conjunto_CAN-REIG_G-400x258.jpg 400w, https:\/\/criteriabcn.com\/wp-content\/uploads\/2019\/01\/plant-conjunto_CAN-REIG_G-600x387.jpg 600w, https:\/\/criteriabcn.com\/wp-content\/uploads\/2019\/01\/plant-conjunto_CAN-REIG_G.jpg 700w\" sizes=\"(max-width: 640px) 100vw, 700px\" \/><\/span><\/div><\/div><\/div><div class=\"fusion-layout-column fusion_builder_column fusion-builder-column-2 fusion_builder_column_1_3 1_3 fusion-flex-column\" style=\"--awb-bg-size:cover;--awb-width-large:33.333333333333%;--awb-margin-top-large:0px;--awb-spacing-right-large:5.76%;--awb-margin-bottom-large:20px;--awb-spacing-left-large:3.8399999999999%;--awb-width-medium:33.333333333333%;--awb-spacing-right-medium:5.76%;--awb-spacing-left-medium:3.8399999999999%;--awb-width-small:100%;--awb-spacing-right-small:1.92%;--awb-spacing-left-small:1.92%;\"><div class=\"fusion-column-wrapper fusion-flex-justify-content-flex-start fusion-content-layout-column\"><div class=\"project_title\">Breve descripci\u00f3n<\/div>\n<p> Este hotel y restaurante forman parte de un gran complejo urban\u00edstico junto con un grupo residencial, un centro deportivo y un centro de congresos. El dise\u00f1o respeta la imagen hist\u00f3rica y el car\u00e1cter rural del entorno. El hotel y el restaurante quedan separados por la carretera que comunica el pantano de Sant Pon\u00e7 y la localidad de Nav\u00e9s, quedando el restaurante en el centro hist\u00f3rico y el hotel en un \u00e1rea pr\u00f3xima. \nEl restaurante se aloja en una antigua mas\u00eda que se rehabilita respetando el lugar. El hotel es una obra de nueva construcci\u00f3n que se articula extendi\u00e9ndose por el terreno en dos plantas.<\/p>\n<div class=\"project_title\">Categor\u00eda<\/div>\n<p>Hosteler\u00eda<\/p>\n<div class=\"project_title\">Poblaci\u00f3n<\/div>\n<p>Sant Andreu de Liny\u00e0, Lleida<\/p>\n<div class=\"project_title\">A\u00f1o<\/div>\n<p>2005<\/p>\n<div class=\"awb-gallery-wrapper awb-gallery-wrapper-1 button-span-no\"><div style=\"margin:-5px;--awb-bordersize:0px;\" class=\"fusion-gallery fusion-gallery-container fusion-grid-3 fusion-columns-total-1 fusion-gallery-layout-grid fusion-gallery-1 galleria_miniatures\"><div style=\"padding:5px;\" class=\"fusion-grid-column fusion-gallery-column fusion-gallery-column-3 hover-type-zoomin\"><div class=\"fusion-gallery-image\"><a href=\"https:\/\/criteriabcn.com\/wp-content\/uploads\/2019\/01\/Can-Reig_planta-hotel.jpg\" rel=\"noreferrer\" data-rel=\"iLightbox[gallery_image_1]\" class=\"fusion-lightbox\" target=\"_self\"><img decoding=\"async\" src=\"https:\/\/criteriabcn.com\/wp-content\/uploads\/2019\/01\/Can-Reig_planta-hotel-460x295.jpg\" width=\"460\" height=\"295\" alt=\"\" title=\"\\Servidordiskserver2Criteria-ArtquitecthosLIBRO CRITERIA\ufffd2_\" aria-label=\"\\Servidordiskserver2Criteria-ArtquitecthosLIBRO CRITERIA\ufffd2_\" class=\"img-responsive wp-image-19831 fusion-gallery-image-size-fixed\"  \/><\/a><\/div><\/div><\/div><\/div><\/div><\/div><\/div><\/div><\/p>\n","protected":false},"excerpt":{"rendered":"","protected":false},"author":3,"featured_media":17978,"menu_order":10,"comment_status":"open","ping_status":"closed","template":"","format":"standard","meta":{"footnotes":""},"portfolio_category":[127],"portfolio_skills":[],"portfolio_tags":[],"class_list":["post-18397","avada_portfolio","type-avada_portfolio","status-publish","format-standard","has-post-thumbnail","hentry","portfolio_category-hoteles-rurales"],"yoast_head":"<!-- This site is optimized with the Yoast SEO plugin v24.1 - https:\/\/yoast.com\/wordpress\/plugins\/seo\/ -->\n<title>Hotel y restaurante en Can Reig - Criteria BCN<\/title>\n<meta name=\"robots\" content=\"index, follow, max-snippet:-1, max-image-preview:large, max-video-preview:-1\" \/>\n<link rel=\"canonical\" href=\"https:\/\/criteriabcn.com\/es\/portafoli\/hotel-y-restaurante-en-can-reig\/\" \/>\n<meta property=\"og:locale\" content=\"es_ES\" \/>\n<meta property=\"og:type\" content=\"article\" \/>\n<meta property=\"og:title\" content=\"Hotel y restaurante en Can Reig - Criteria BCN\" \/>\n<meta property=\"og:url\" content=\"https:\/\/criteriabcn.com\/es\/portafoli\/hotel-y-restaurante-en-can-reig\/\" \/>\n<meta property=\"og:site_name\" content=\"Criteria BCN\" \/>\n<meta property=\"article:modified_time\" content=\"2019-03-25T18:42:48+00:00\" \/>\n<meta property=\"og:image\" content=\"https:\/\/criteriabcn.com\/wp-content\/uploads\/2019\/01\/plant-conjunto_CAN-REIG_p.jpg\" \/>\n\t<meta property=\"og:image:width\" content=\"355\" \/>\n\t<meta property=\"og:image:height\" content=\"230\" \/>\n\t<meta property=\"og:image:type\" content=\"image\/jpeg\" \/>\n<meta name=\"twitter:card\" content=\"summary_large_image\" \/>\n<meta name=\"twitter:label1\" content=\"Tiempo de lectura\" \/>\n\t<meta name=\"twitter:data1\" content=\"3 minutos\" \/>\n<script type=\"application\/ld+json\" class=\"yoast-schema-graph\">{\"@context\":\"https:\/\/schema.org\",\"@graph\":[{\"@type\":\"WebPage\",\"@id\":\"https:\/\/criteriabcn.com\/es\/portafoli\/hotel-y-restaurante-en-can-reig\/\",\"url\":\"https:\/\/criteriabcn.com\/es\/portafoli\/hotel-y-restaurante-en-can-reig\/\",\"name\":\"Hotel y restaurante en Can Reig - Criteria BCN\",\"isPartOf\":{\"@id\":\"https:\/\/criteriabcn.com\/es\/#website\"},\"primaryImageOfPage\":{\"@id\":\"https:\/\/criteriabcn.com\/es\/portafoli\/hotel-y-restaurante-en-can-reig\/#primaryimage\"},\"image\":{\"@id\":\"https:\/\/criteriabcn.com\/es\/portafoli\/hotel-y-restaurante-en-can-reig\/#primaryimage\"},\"thumbnailUrl\":\"https:\/\/criteriabcn.com\/wp-content\/uploads\/2019\/01\/plant-conjunto_CAN-REIG_p.jpg\",\"datePublished\":\"2019-01-10T12:06:55+00:00\",\"dateModified\":\"2019-03-25T18:42:48+00:00\",\"breadcrumb\":{\"@id\":\"https:\/\/criteriabcn.com\/es\/portafoli\/hotel-y-restaurante-en-can-reig\/#breadcrumb\"},\"inLanguage\":\"es\",\"potentialAction\":[{\"@type\":\"ReadAction\",\"target\":[\"https:\/\/criteriabcn.com\/es\/portafoli\/hotel-y-restaurante-en-can-reig\/\"]}]},{\"@type\":\"ImageObject\",\"inLanguage\":\"es\",\"@id\":\"https:\/\/criteriabcn.com\/es\/portafoli\/hotel-y-restaurante-en-can-reig\/#primaryimage\",\"url\":\"https:\/\/criteriabcn.com\/wp-content\/uploads\/2019\/01\/plant-conjunto_CAN-REIG_p.jpg\",\"contentUrl\":\"https:\/\/criteriabcn.com\/wp-content\/uploads\/2019\/01\/plant-conjunto_CAN-REIG_p.jpg\",\"width\":355,\"height\":230},{\"@type\":\"BreadcrumbList\",\"@id\":\"https:\/\/criteriabcn.com\/es\/portafoli\/hotel-y-restaurante-en-can-reig\/#breadcrumb\",\"itemListElement\":[{\"@type\":\"ListItem\",\"position\":1,\"name\":\"Inici\",\"item\":\"https:\/\/criteriabcn.com\/es\/\"},{\"@type\":\"ListItem\",\"position\":2,\"name\":\"Portfolio\",\"item\":\"https:\/\/criteriabcn.com\/portafoli\/\"},{\"@type\":\"ListItem\",\"position\":3,\"name\":\"Hotel y restaurante en Can Reig\"}]},{\"@type\":\"WebSite\",\"@id\":\"https:\/\/criteriabcn.com\/es\/#website\",\"url\":\"https:\/\/criteriabcn.com\/es\/\",\"name\":\"Criteria BCN\",\"description\":\"La arquitectura de los sentidos\",\"potentialAction\":[{\"@type\":\"SearchAction\",\"target\":{\"@type\":\"EntryPoint\",\"urlTemplate\":\"https:\/\/criteriabcn.com\/es\/?s={search_term_string}\"},\"query-input\":{\"@type\":\"PropertyValueSpecification\",\"valueRequired\":true,\"valueName\":\"search_term_string\"}}],\"inLanguage\":\"es\"}]}<\/script>\n<!-- \/ Yoast SEO plugin. -->","yoast_head_json":{"title":"Hotel y restaurante en Can Reig - Criteria BCN","robots":{"index":"index","follow":"follow","max-snippet":"max-snippet:-1","max-image-preview":"max-image-preview:large","max-video-preview":"max-video-preview:-1"},"canonical":"https:\/\/criteriabcn.com\/es\/portafoli\/hotel-y-restaurante-en-can-reig\/","og_locale":"es_ES","og_type":"article","og_title":"Hotel y restaurante en Can Reig - Criteria BCN","og_url":"https:\/\/criteriabcn.com\/es\/portafoli\/hotel-y-restaurante-en-can-reig\/","og_site_name":"Criteria BCN","article_modified_time":"2019-03-25T18:42:48+00:00","og_image":[{"width":355,"height":230,"url":"https:\/\/criteriabcn.com\/wp-content\/uploads\/2019\/01\/plant-conjunto_CAN-REIG_p.jpg","type":"image\/jpeg"}],"twitter_card":"summary_large_image","twitter_misc":{"Tiempo de lectura":"3 minutos"},"schema":{"@context":"https:\/\/schema.org","@graph":[{"@type":"WebPage","@id":"https:\/\/criteriabcn.com\/es\/portafoli\/hotel-y-restaurante-en-can-reig\/","url":"https:\/\/criteriabcn.com\/es\/portafoli\/hotel-y-restaurante-en-can-reig\/","name":"Hotel y restaurante en Can Reig - Criteria BCN","isPartOf":{"@id":"https:\/\/criteriabcn.com\/es\/#website"},"primaryImageOfPage":{"@id":"https:\/\/criteriabcn.com\/es\/portafoli\/hotel-y-restaurante-en-can-reig\/#primaryimage"},"image":{"@id":"https:\/\/criteriabcn.com\/es\/portafoli\/hotel-y-restaurante-en-can-reig\/#primaryimage"},"thumbnailUrl":"https:\/\/criteriabcn.com\/wp-content\/uploads\/2019\/01\/plant-conjunto_CAN-REIG_p.jpg","datePublished":"2019-01-10T12:06:55+00:00","dateModified":"2019-03-25T18:42:48+00:00","breadcrumb":{"@id":"https:\/\/criteriabcn.com\/es\/portafoli\/hotel-y-restaurante-en-can-reig\/#breadcrumb"},"inLanguage":"es","potentialAction":[{"@type":"ReadAction","target":["https:\/\/criteriabcn.com\/es\/portafoli\/hotel-y-restaurante-en-can-reig\/"]}]},{"@type":"ImageObject","inLanguage":"es","@id":"https:\/\/criteriabcn.com\/es\/portafoli\/hotel-y-restaurante-en-can-reig\/#primaryimage","url":"https:\/\/criteriabcn.com\/wp-content\/uploads\/2019\/01\/plant-conjunto_CAN-REIG_p.jpg","contentUrl":"https:\/\/criteriabcn.com\/wp-content\/uploads\/2019\/01\/plant-conjunto_CAN-REIG_p.jpg","width":355,"height":230},{"@type":"BreadcrumbList","@id":"https:\/\/criteriabcn.com\/es\/portafoli\/hotel-y-restaurante-en-can-reig\/#breadcrumb","itemListElement":[{"@type":"ListItem","position":1,"name":"Inici","item":"https:\/\/criteriabcn.com\/es\/"},{"@type":"ListItem","position":2,"name":"Portfolio","item":"https:\/\/criteriabcn.com\/portafoli\/"},{"@type":"ListItem","position":3,"name":"Hotel y restaurante en Can Reig"}]},{"@type":"WebSite","@id":"https:\/\/criteriabcn.com\/es\/#website","url":"https:\/\/criteriabcn.com\/es\/","name":"Criteria BCN","description":"La arquitectura de los sentidos","potentialAction":[{"@type":"SearchAction","target":{"@type":"EntryPoint","urlTemplate":"https:\/\/criteriabcn.com\/es\/?s={search_term_string}"},"query-input":{"@type":"PropertyValueSpecification","valueRequired":true,"valueName":"search_term_string"}}],"inLanguage":"es"}]}},"_links":{"self":[{"href":"https:\/\/criteriabcn.com\/es\/wp-json\/wp\/v2\/avada_portfolio\/18397","targetHints":{"allow":["GET"]}}],"collection":[{"href":"https:\/\/criteriabcn.com\/es\/wp-json\/wp\/v2\/avada_portfolio"}],"about":[{"href":"https:\/\/criteriabcn.com\/es\/wp-json\/wp\/v2\/types\/avada_portfolio"}],"author":[{"embeddable":true,"href":"https:\/\/criteriabcn.com\/es\/wp-json\/wp\/v2\/users\/3"}],"replies":[{"embeddable":true,"href":"https:\/\/criteriabcn.com\/es\/wp-json\/wp\/v2\/comments?post=18397"}],"version-history":[{"count":8,"href":"https:\/\/criteriabcn.com\/es\/wp-json\/wp\/v2\/avada_portfolio\/18397\/revisions"}],"predecessor-version":[{"id":19833,"href":"https:\/\/criteriabcn.com\/es\/wp-json\/wp\/v2\/avada_portfolio\/18397\/revisions\/19833"}],"wp:featuredmedia":[{"embeddable":true,"href":"https:\/\/criteriabcn.com\/es\/wp-json\/wp\/v2\/media\/17978"}],"wp:attachment":[{"href":"https:\/\/criteriabcn.com\/es\/wp-json\/wp\/v2\/media?parent=18397"}],"wp:term":[{"taxonomy":"portfolio_category","embeddable":true,"href":"https:\/\/criteriabcn.com\/es\/wp-json\/wp\/v2\/portfolio_category?post=18397"},{"taxonomy":"portfolio_skills","embeddable":true,"href":"https:\/\/criteriabcn.com\/es\/wp-json\/wp\/v2\/portfolio_skills?post=18397"},{"taxonomy":"portfolio_tags","embeddable":true,"href":"https:\/\/criteriabcn.com\/es\/wp-json\/wp\/v2\/portfolio_tags?post=18397"}],"curies":[{"name":"wp","href":"https:\/\/api.w.org\/{rel}","templated":true}]}}